{"id":48,"date":"2025-06-14T13:08:38","date_gmt":"2025-06-14T11:08:38","guid":{"rendered":"http:\/\/gregocopeaux.fr\/index.php\/classes\/"},"modified":"2026-04-17T09:21:10","modified_gmt":"2026-04-17T07:21:10","slug":"classes","status":"publish","type":"page","link":"https:\/\/www.gregocopeaux.fr\/index.php\/classes\/","title":{"rendered":"Mes cr\u00e9ations | Catalogue"},"content":{"rendered":"\t\t<div data-elementor-type=\"wp-page\" data-elementor-id=\"48\" class=\"elementor elementor-48\">\n\t\t\t\t<div class=\"elementor-element elementor-element-d056fe6 e-flex e-con-boxed e-con e-parent\" data-id=\"d056fe6\" data-element_type=\"container\">\n\t\t\t\t\t<div class=\"e-con-inner\">\n\t\t\t\t<div class=\"elementor-element elementor-element-e03fcfd elementor-widget elementor-widget-heading\" data-id=\"e03fcfd\" data-element_type=\"widget\" data-widget_type=\"heading.default\">\n\t\t\t\t<div class=\"elementor-widget-container\">\n\t\t\t\t\t<h2 class=\"elementor-heading-title elementor-size-default\">Mes cr\u00e9ations<\/h2>\t\t\t\t<\/div>\n\t\t\t\t<\/div>\n\t\t\t\t<div class=\"elementor-element elementor-element-22d4622 elementor-widget elementor-widget-text-editor\" data-id=\"22d4622\" data-element_type=\"widget\" data-widget_type=\"text-editor.default\">\n\t\t\t\t<div class=\"elementor-widget-container\">\n\t\t\t\t\t\t\t\t\t<p style=\"text-align: center;\">Objets tourn\u00e9s en bois, tous uniques, fa\u00e7onn\u00e9s \u00e0 la main et personnalisables (gravure). Nous privil\u00e9gions la vente sur les march\u00e9s locaux, mais si vous le souhaitez, vous pouvez passer par la page <a href=\"https:\/\/www.gregocopeaux.fr\/index.php\/about-2\/\">contact<\/a> pour me commander une pi\u00e8ce sur mesure. Les tarifs indiqu\u00e9s sont donn\u00e9s \u00e0 titre indicatif. Frais d\u2019envoi \u00e0 partir de 4,99 \u20ac \u2014 le montant exact, calcul\u00e9 selon le poids de votre commande, vous sera pr\u00e9cis\u00e9 par retour de mail.<\/p>\t\t\t\t\t\t\t\t<\/div>\n\t\t\t\t<\/div>\n\t\t\t\t\t<\/div>\n\t\t\t\t<\/div>\n\t\t<div class=\"elementor-element elementor-element-6db0acdf e-flex e-con-boxed e-con e-parent\" data-id=\"6db0acdf\" data-element_type=\"container\">\n\t\t\t\t\t<div class=\"e-con-inner\">\n\t\t<div class=\"elementor-element elementor-element-c050d74 e-grid e-con-full e-con e-child\" data-id=\"c050d74\" data-element_type=\"container\">\n\t\t<div class=\"elementor-element elementor-element-5559680 e-con-full e-flex e-con e-child\" data-id=\"5559680\" data-element_type=\"container\">\n\t\t\t\t<div class=\"elementor-element elementor-element-c6847c6 elementor-position-top elementor-widget elementor-widget-image-box\" data-id=\"c6847c6\" data-element_type=\"widget\" data-widget_type=\"image-box.default\">\n\t\t\t\t<div class=\"elementor-widget-container\">\n\t\t\t\t\t<div class=\"elementor-image-box-wrapper\"><figure class=\"elementor-image-box-img\"><img alt=\"\" fetchpriority=\"high\" decoding=\"async\" width=\"2560\" height=\"1707\" src=\"https:\/\/www.gregocopeaux.fr\/wp-content\/uploads\/2025\/12\/lampe-art-6-scaled.jpg\" class=\"attachment-full size-full wp-image-1263\" alt=\"\" srcset=\"https:\/\/www.gregocopeaux.fr\/wp-content\/uploads\/2025\/12\/lampe-art-6-scaled.jpg 2560w, https:\/\/www.gregocopeaux.fr\/wp-content\/uploads\/2025\/12\/lampe-art-6-300x200.jpg 300w, https:\/\/www.gregocopeaux.fr\/wp-content\/uploads\/2025\/12\/lampe-art-6-1024x683.jpg 1024w, https:\/\/www.gregocopeaux.fr\/wp-content\/uploads\/2025\/12\/lampe-art-6-768x512.jpg 768w, https:\/\/www.gregocopeaux.fr\/wp-content\/uploads\/2025\/12\/lampe-art-6-1536x1024.jpg 1536w, https:\/\/www.gregocopeaux.fr\/wp-content\/uploads\/2025\/12\/lampe-art-6-2048x1365.jpg 2048w\" sizes=\"(max-width: 2560px) 100vw, 2560px\" \/><\/figure><div class=\"elementor-image-box-content\"><h1 class=\"elementor-image-box-title\">Lampe Art <\/h1><\/div><\/div>\t\t\t\t<\/div>\n\t\t\t\t<\/div>\n\t\t\t\t<div class=\"elementor-element elementor-element-641c0f7 elementor-widget elementor-widget-text-editor\" data-id=\"641c0f7\" data-element_type=\"widget\" data-widget_type=\"text-editor.default\">\n\t\t\t\t<div class=\"elementor-widget-container\">\n\t\t\t\t\t\t\t\t\t<p style=\"text-align: center;\"><strong>REF: Lart 01<\/strong>\u00a0<\/p><p>\u00ab\u00a0La terre \u00e9clair\u00e9e\u00a0\u00bb\u00a0 elle repr\u00e9sente un Narcisse au dessus du chemin de halage de St Cirq Lapopie. \u00ab\u00a0Lot\u00a0\u00bb<\/p><p>La cavit\u00e9 de sont pied repr\u00e9sente la vo\u00f9te o\u00f9 la roche est sculpt\u00e9e.<\/p><p style=\"text-align: center;\">Prix : 180 e<\/p>\t\t\t\t\t\t\t\t<\/div>\n\t\t\t\t<\/div>\n\t\t\t\t<\/div>\n\t\t<div class=\"elementor-element elementor-element-c15e25a e-con-full e-flex e-con e-child\" data-id=\"c15e25a\" data-element_type=\"container\">\n\t\t\t\t<div class=\"elementor-element elementor-element-bf27e98 elementor-position-top elementor-widget elementor-widget-image-box\" data-id=\"bf27e98\" data-element_type=\"widget\" data-widget_type=\"image-box.default\">\n\t\t\t\t<div class=\"elementor-widget-container\">\n\t\t\t\t\t<div class=\"elementor-image-box-wrapper\"><figure class=\"elementor-image-box-img\"><img alt=\"\" decoding=\"async\" width=\"1920\" height=\"2560\" src=\"https:\/\/www.gregocopeaux.fr\/wp-content\/uploads\/2025\/12\/assiette-perssonalisable-scaled.jpg\" class=\"attachment-full size-full wp-image-1254\" alt=\"\" srcset=\"https:\/\/www.gregocopeaux.fr\/wp-content\/uploads\/2025\/12\/assiette-perssonalisable-scaled.jpg 1920w, https:\/\/www.gregocopeaux.fr\/wp-content\/uploads\/2025\/12\/assiette-perssonalisable-225x300.jpg 225w, https:\/\/www.gregocopeaux.fr\/wp-content\/uploads\/2025\/12\/assiette-perssonalisable-768x1024.jpg 768w, https:\/\/www.gregocopeaux.fr\/wp-content\/uploads\/2025\/12\/assiette-perssonalisable-1152x1536.jpg 1152w, https:\/\/www.gregocopeaux.fr\/wp-content\/uploads\/2025\/12\/assiette-perssonalisable-1536x2048.jpg 1536w\" sizes=\"(max-width: 1920px) 100vw, 1920px\" \/><\/figure><div class=\"elementor-image-box-content\"><h1 class=\"elementor-image-box-title\">Assiette personnalisable<\/h1><\/div><\/div>\t\t\t\t<\/div>\n\t\t\t\t<\/div>\n\t\t\t\t<div class=\"elementor-element elementor-element-c446548 elementor-widget elementor-widget-text-editor\" data-id=\"c446548\" data-element_type=\"widget\" data-widget_type=\"text-editor.default\">\n\t\t\t\t<div class=\"elementor-widget-container\">\n\t\t\t\t\t\t\t\t\t<p style=\"text-align: center;\"><strong>REF<\/strong>: ASS Pers\u00a0<\/p><p style=\"text-align: left;\">Assiette en fr\u00eane personnalisable.<br \/>Prix : 35 euros <span style=\"color: #008000;\">(<b>+ Frais d&rsquo;envoi)<\/b><\/span><br \/>contactez nous pour commander<\/p>\t\t\t\t\t\t\t\t<\/div>\n\t\t\t\t<\/div>\n\t\t\t\t<\/div>\n\t\t<div class=\"elementor-element elementor-element-4c51991 e-con-full e-flex e-con e-child\" data-id=\"4c51991\" data-element_type=\"container\">\n\t\t\t\t<div class=\"elementor-element elementor-element-907fd95 elementor-position-top elementor-widget elementor-widget-image-box\" data-id=\"907fd95\" data-element_type=\"widget\" data-widget_type=\"image-box.default\">\n\t\t\t\t<div class=\"elementor-widget-container\">\n\t\t\t\t\t<div class=\"elementor-image-box-wrapper\"><figure class=\"elementor-image-box-img\"><img alt=\"\" decoding=\"async\" width=\"2560\" height=\"1707\" src=\"https:\/\/www.gregocopeaux.fr\/wp-content\/uploads\/2026\/02\/Solitaire-Noyer-scaled.jpg\" class=\"attachment-full size-full wp-image-1306\" alt=\"\" srcset=\"https:\/\/www.gregocopeaux.fr\/wp-content\/uploads\/2026\/02\/Solitaire-Noyer-scaled.jpg 2560w, https:\/\/www.gregocopeaux.fr\/wp-content\/uploads\/2026\/02\/Solitaire-Noyer-300x200.jpg 300w, https:\/\/www.gregocopeaux.fr\/wp-content\/uploads\/2026\/02\/Solitaire-Noyer-1024x683.jpg 1024w, https:\/\/www.gregocopeaux.fr\/wp-content\/uploads\/2026\/02\/Solitaire-Noyer-768x512.jpg 768w, https:\/\/www.gregocopeaux.fr\/wp-content\/uploads\/2026\/02\/Solitaire-Noyer-1536x1024.jpg 1536w, https:\/\/www.gregocopeaux.fr\/wp-content\/uploads\/2026\/02\/Solitaire-Noyer-2048x1365.jpg 2048w\" sizes=\"(max-width: 2560px) 100vw, 2560px\" \/><\/figure><div class=\"elementor-image-box-content\"><h1 class=\"elementor-image-box-title\">Solitaire en Noyer<\/h1><\/div><\/div>\t\t\t\t<\/div>\n\t\t\t\t<\/div>\n\t\t\t\t<div class=\"elementor-element elementor-element-8d65d26 elementor-widget elementor-widget-text-editor\" data-id=\"8d65d26\" data-element_type=\"widget\" data-widget_type=\"text-editor.default\">\n\t\t\t\t<div class=\"elementor-widget-container\">\n\t\t\t\t\t\t\t\t\t<p><strong>REF :<\/strong>\u00a0SOL NOY<\/p><p style=\"text-align: left;\">Jeu du solitaire en Noyer avec ces Billes &#8211; Palissandre santos-Aub\u00e9pine-Gon\u00e7alo Alves.\u00a0\u00a0<br \/>Dimensions : 24 &#8211; cm\u00a0 &#8211; Poids- 526 g<br \/>Prix : 130 euros <span style=\"color: #008000;\">(<b>+ Frais d&rsquo;envoi)<\/b><\/span><br \/>Nous contacter pour commander.<\/p>\t\t\t\t\t\t\t\t<\/div>\n\t\t\t\t<\/div>\n\t\t\t\t<\/div>\n\t\t<div class=\"elementor-element elementor-element-ad2fd86 e-con-full e-flex e-con e-child\" data-id=\"ad2fd86\" data-element_type=\"container\">\n\t\t\t\t<div class=\"elementor-element elementor-element-ead62ca elementor-position-top elementor-widget elementor-widget-image-box\" data-id=\"ead62ca\" data-element_type=\"widget\" data-widget_type=\"image-box.default\">\n\t\t\t\t<div class=\"elementor-widget-container\">\n\t\t\t\t\t<div class=\"elementor-image-box-wrapper\"><figure class=\"elementor-image-box-img\"><img alt=\"\" loading=\"lazy\" decoding=\"async\" width=\"2560\" height=\"1707\" src=\"https:\/\/www.gregocopeaux.fr\/wp-content\/uploads\/2026\/02\/Plat-a-fruits-scaled.jpg\" class=\"attachment-full size-full wp-image-1308\" alt=\"\" srcset=\"https:\/\/www.gregocopeaux.fr\/wp-content\/uploads\/2026\/02\/Plat-a-fruits-scaled.jpg 2560w, https:\/\/www.gregocopeaux.fr\/wp-content\/uploads\/2026\/02\/Plat-a-fruits-300x200.jpg 300w, https:\/\/www.gregocopeaux.fr\/wp-content\/uploads\/2026\/02\/Plat-a-fruits-1024x683.jpg 1024w, https:\/\/www.gregocopeaux.fr\/wp-content\/uploads\/2026\/02\/Plat-a-fruits-768x512.jpg 768w, https:\/\/www.gregocopeaux.fr\/wp-content\/uploads\/2026\/02\/Plat-a-fruits-1536x1024.jpg 1536w, https:\/\/www.gregocopeaux.fr\/wp-content\/uploads\/2026\/02\/Plat-a-fruits-2048x1365.jpg 2048w\" sizes=\"(max-width: 2560px) 100vw, 2560px\" \/><\/figure><div class=\"elementor-image-box-content\"><h1 class=\"elementor-image-box-title\">Plat \u00e0 fruits Noyer<\/h1><\/div><\/div>\t\t\t\t<\/div>\n\t\t\t\t<\/div>\n\t\t\t\t<div class=\"elementor-element elementor-element-3d1c0d6 elementor-widget elementor-widget-text-editor\" data-id=\"3d1c0d6\" data-element_type=\"widget\" data-widget_type=\"text-editor.default\">\n\t\t\t\t<div class=\"elementor-widget-container\">\n\t\t\t\t\t\t\t\t\t<p>REF: PLF NOYER<\/p><p>Plat \u00e0 fruits en noyer avec finition \u00e0 l&rsquo;huile de noix\u00a0<br \/>Dimensions :\u00a0 \u00d8 27 cm-<\/p><p>Poids 561g\u00a0<\/p><p>Prix : 70 euros (+ Frais d&rsquo;envoi)<br \/>Nous contacter pour commander.<\/p>\t\t\t\t\t\t\t\t<\/div>\n\t\t\t\t<\/div>\n\t\t\t\t<\/div>\n\t\t<div class=\"elementor-element elementor-element-49ef014 e-con-full e-flex e-con e-child\" data-id=\"49ef014\" data-element_type=\"container\">\n\t\t\t\t<div class=\"elementor-element elementor-element-bab17f6 elementor-position-top elementor-widget elementor-widget-image-box\" data-id=\"bab17f6\" data-element_type=\"widget\" data-widget_type=\"image-box.default\">\n\t\t\t\t<div class=\"elementor-widget-container\">\n\t\t\t\t\t<div class=\"elementor-image-box-wrapper\"><figure class=\"elementor-image-box-img\"><img alt=\"\" loading=\"lazy\" decoding=\"async\" width=\"2560\" height=\"1707\" src=\"https:\/\/www.gregocopeaux.fr\/wp-content\/uploads\/2026\/02\/pot-a-miel-robinier-scaled.jpg\" class=\"attachment-full size-full wp-image-1305\" alt=\"\" srcset=\"https:\/\/www.gregocopeaux.fr\/wp-content\/uploads\/2026\/02\/pot-a-miel-robinier-scaled.jpg 2560w, https:\/\/www.gregocopeaux.fr\/wp-content\/uploads\/2026\/02\/pot-a-miel-robinier-300x200.jpg 300w, https:\/\/www.gregocopeaux.fr\/wp-content\/uploads\/2026\/02\/pot-a-miel-robinier-1024x683.jpg 1024w, https:\/\/www.gregocopeaux.fr\/wp-content\/uploads\/2026\/02\/pot-a-miel-robinier-768x512.jpg 768w, https:\/\/www.gregocopeaux.fr\/wp-content\/uploads\/2026\/02\/pot-a-miel-robinier-1536x1024.jpg 1536w, https:\/\/www.gregocopeaux.fr\/wp-content\/uploads\/2026\/02\/pot-a-miel-robinier-2048x1365.jpg 2048w\" sizes=\"(max-width: 2560px) 100vw, 2560px\" \/><\/figure><div class=\"elementor-image-box-content\"><h1 class=\"elementor-image-box-title\">Pot \u00e0 miel Winnie L'ourson<\/h1><\/div><\/div>\t\t\t\t<\/div>\n\t\t\t\t<\/div>\n\t\t\t\t<div class=\"elementor-element elementor-element-8f6f191 elementor-widget elementor-widget-text-editor\" data-id=\"8f6f191\" data-element_type=\"widget\" data-widget_type=\"text-editor.default\">\n\t\t\t\t<div class=\"elementor-widget-container\">\n\t\t\t\t\t\t\t\t\t<p><strong>REF:<\/strong>\u00a0POTM WINNIE<\/p><p>Pot en robinier avec sa cuill\u00e8re \u00e0 miel.<\/p><p>Pour mettre un pot dedans !<\/p><p style=\"text-align: left;\">Dimensions : \u00d8 11cm<\/p><p style=\"text-align: left;\">H 17 cm<\/p><p style=\"text-align: left;\">Poids 773g<br \/>Prix : 90 euros <span style=\"color: #008000;\">(<b>+ Frais d&rsquo;envoi)<\/b><\/span><br \/>Nous contacter pour commander.<\/p>\t\t\t\t\t\t\t\t<\/div>\n\t\t\t\t<\/div>\n\t\t\t\t<\/div>\n\t\t<div class=\"elementor-element elementor-element-924594c e-con-full e-flex e-con e-child\" data-id=\"924594c\" data-element_type=\"container\">\n\t\t\t\t<div class=\"elementor-element elementor-element-cf14fa2 elementor-position-top elementor-widget elementor-widget-image-box\" data-id=\"cf14fa2\" data-element_type=\"widget\" data-widget_type=\"image-box.default\">\n\t\t\t\t<div class=\"elementor-widget-container\">\n\t\t\t\t\t<div class=\"elementor-image-box-wrapper\"><figure class=\"elementor-image-box-img\"><img alt=\"\" loading=\"lazy\" decoding=\"async\" width=\"2560\" height=\"1707\" src=\"https:\/\/www.gregocopeaux.fr\/wp-content\/uploads\/2026\/02\/Porte-plume-Noyer-scaled.jpg\" class=\"attachment-full size-full wp-image-1309\" alt=\"\" srcset=\"https:\/\/www.gregocopeaux.fr\/wp-content\/uploads\/2026\/02\/Porte-plume-Noyer-scaled.jpg 2560w, https:\/\/www.gregocopeaux.fr\/wp-content\/uploads\/2026\/02\/Porte-plume-Noyer-300x200.jpg 300w, https:\/\/www.gregocopeaux.fr\/wp-content\/uploads\/2026\/02\/Porte-plume-Noyer-1024x683.jpg 1024w, https:\/\/www.gregocopeaux.fr\/wp-content\/uploads\/2026\/02\/Porte-plume-Noyer-768x512.jpg 768w, https:\/\/www.gregocopeaux.fr\/wp-content\/uploads\/2026\/02\/Porte-plume-Noyer-1536x1024.jpg 1536w, https:\/\/www.gregocopeaux.fr\/wp-content\/uploads\/2026\/02\/Porte-plume-Noyer-2048x1365.jpg 2048w\" sizes=\"(max-width: 2560px) 100vw, 2560px\" \/><\/figure><div class=\"elementor-image-box-content\"><h1 class=\"elementor-image-box-title\">Porte plume en Noyer<\/h1><\/div><\/div>\t\t\t\t<\/div>\n\t\t\t\t<\/div>\n\t\t\t\t<div class=\"elementor-element elementor-element-d565294 elementor-widget elementor-widget-text-editor\" data-id=\"d565294\" data-element_type=\"widget\" data-widget_type=\"text-editor.default\">\n\t\t\t\t<div class=\"elementor-widget-container\">\n\t\t\t\t\t\t\t\t\t<p><strong>REF:<\/strong>\u00a0PPL NOY<\/p><p style=\"text-align: left;\">\u00a0Porte plume en noyer \u00e9quip\u00e9 de sa Virole pour fixer la plume<br \/>Fournis sans plume ( 1.50 supplementaire) Plume l\u00e9onard 70- 2 mm&#8211; Calligraphie-<\/p><p style=\"text-align: left;\">Dimensions : L 18 cm<\/p><p style=\"text-align: left;\">poids 6g<\/p><p style=\"text-align: left;\">Prix : 35 euros <span style=\"color: #008000;\">(<b>+ Frais d&rsquo;envoi)<\/b><\/span><br \/>Nous contacter pour commander.<\/p>\t\t\t\t\t\t\t\t<\/div>\n\t\t\t\t<\/div>\n\t\t\t\t<\/div>\n\t\t<div class=\"elementor-element elementor-element-d640118 e-con-full e-flex e-con e-child\" data-id=\"d640118\" data-element_type=\"container\">\n\t\t\t\t<div class=\"elementor-element elementor-element-69dbe96 elementor-position-top elementor-widget elementor-widget-image-box\" data-id=\"69dbe96\" data-element_type=\"widget\" data-widget_type=\"image-box.default\">\n\t\t\t\t<div class=\"elementor-widget-container\">\n\t\t\t\t\t<div class=\"elementor-image-box-wrapper\"><figure class=\"elementor-image-box-img\"><img alt=\"\" loading=\"lazy\" decoding=\"async\" width=\"2560\" height=\"1707\" src=\"https:\/\/www.gregocopeaux.fr\/wp-content\/uploads\/2026\/02\/Porte-plume-Prunier-scaled.jpg\" class=\"attachment-full size-full wp-image-1304\" alt=\"\" srcset=\"https:\/\/www.gregocopeaux.fr\/wp-content\/uploads\/2026\/02\/Porte-plume-Prunier-scaled.jpg 2560w, https:\/\/www.gregocopeaux.fr\/wp-content\/uploads\/2026\/02\/Porte-plume-Prunier-300x200.jpg 300w, https:\/\/www.gregocopeaux.fr\/wp-content\/uploads\/2026\/02\/Porte-plume-Prunier-1024x683.jpg 1024w, https:\/\/www.gregocopeaux.fr\/wp-content\/uploads\/2026\/02\/Porte-plume-Prunier-768x512.jpg 768w, https:\/\/www.gregocopeaux.fr\/wp-content\/uploads\/2026\/02\/Porte-plume-Prunier-1536x1024.jpg 1536w, https:\/\/www.gregocopeaux.fr\/wp-content\/uploads\/2026\/02\/Porte-plume-Prunier-2048x1365.jpg 2048w\" sizes=\"(max-width: 2560px) 100vw, 2560px\" \/><\/figure><div class=\"elementor-image-box-content\"><h1 class=\"elementor-image-box-title\">Porte plume Prunier<\/h1><\/div><\/div>\t\t\t\t<\/div>\n\t\t\t\t<\/div>\n\t\t\t\t<div class=\"elementor-element elementor-element-e9d856d elementor-widget elementor-widget-text-editor\" data-id=\"e9d856d\" data-element_type=\"widget\" data-widget_type=\"text-editor.default\">\n\t\t\t\t<div class=\"elementor-widget-container\">\n\t\t\t\t\t\t\t\t\t<p style=\"text-align: center;\"><strong>REF:PPL PRUNIER<\/strong><\/p><p style=\"text-align: left;\">\u00a0Porte plume en Prunier \u00e9quip\u00e9 de sa Virole pour fixer la plume<br \/>Fournis sans plume ( 1.50 suppl\u00e9mentaire) Plume l\u00e9onard 70- 2 mm&#8211; Calligraphie-Dimensions : \u00d8 4 cm<\/p><p style=\"text-align: left;\">L 17.5 cm<\/p><p style=\"text-align: left;\">Poids 7 g<br \/>Prix : 35 euros <span style=\"color: #008000;\">(<b>+ Frais d&rsquo;envoi)<\/b><\/span><br \/>Nous contacter pour commander.<\/p>\t\t\t\t\t\t\t\t<\/div>\n\t\t\t\t<\/div>\n\t\t\t\t<\/div>\n\t\t<div class=\"elementor-element elementor-element-1afc241 e-con-full e-flex e-con e-child\" data-id=\"1afc241\" data-element_type=\"container\">\n\t\t\t\t<div class=\"elementor-element elementor-element-73ea1b3 elementor-position-top elementor-widget elementor-widget-image-box\" data-id=\"73ea1b3\" data-element_type=\"widget\" data-widget_type=\"image-box.default\">\n\t\t\t\t<div class=\"elementor-widget-container\">\n\t\t\t\t\t<div class=\"elementor-image-box-wrapper\"><figure class=\"elementor-image-box-img\"><img alt=\"\" loading=\"lazy\" decoding=\"async\" width=\"2560\" height=\"1707\" src=\"https:\/\/www.gregocopeaux.fr\/wp-content\/uploads\/2025\/08\/DSC0009-scaled.jpg\" class=\"attachment-full size-full wp-image-1222\" alt=\"\" srcset=\"https:\/\/www.gregocopeaux.fr\/wp-content\/uploads\/2025\/08\/DSC0009-scaled.jpg 2560w, https:\/\/www.gregocopeaux.fr\/wp-content\/uploads\/2025\/08\/DSC0009-300x200.jpg 300w, https:\/\/www.gregocopeaux.fr\/wp-content\/uploads\/2025\/08\/DSC0009-1024x683.jpg 1024w, https:\/\/www.gregocopeaux.fr\/wp-content\/uploads\/2025\/08\/DSC0009-768x512.jpg 768w, https:\/\/www.gregocopeaux.fr\/wp-content\/uploads\/2025\/08\/DSC0009-1536x1024.jpg 1536w, https:\/\/www.gregocopeaux.fr\/wp-content\/uploads\/2025\/08\/DSC0009-2048x1365.jpg 2048w\" sizes=\"(max-width: 2560px) 100vw, 2560px\" \/><\/figure><div class=\"elementor-image-box-content\"><h1 class=\"elementor-image-box-title\">Coquetier<\/h1><\/div><\/div>\t\t\t\t<\/div>\n\t\t\t\t<\/div>\n\t\t\t\t<div class=\"elementor-element elementor-element-fed90ff elementor-widget elementor-widget-text-editor\" data-id=\"fed90ff\" data-element_type=\"widget\" data-widget_type=\"text-editor.default\">\n\t\t\t\t<div class=\"elementor-widget-container\">\n\t\t\t\t\t\t\t\t\t<p style=\"text-align: center;\"><strong>REF: <\/strong>C 001<\/p><p style=\"text-align: left;\">Coquetier en P\u00eacher<br \/>Dimensions : \u00d8 4.5 cm\u00a0<br \/>Prix : 12 euros <span style=\"color: #008000;\">(<b>+ Frais d&rsquo;envoi)<\/b><\/span><br \/>Nous contacter pour commander.<\/p>\t\t\t\t\t\t\t\t<\/div>\n\t\t\t\t<\/div>\n\t\t\t\t<\/div>\n\t\t<div class=\"elementor-element elementor-element-3c21929 e-con-full e-flex e-con e-child\" data-id=\"3c21929\" data-element_type=\"container\">\n\t\t\t\t<div class=\"elementor-element elementor-element-440c50b elementor-position-top elementor-widget elementor-widget-image-box\" data-id=\"440c50b\" data-element_type=\"widget\" data-widget_type=\"image-box.default\">\n\t\t\t\t<div class=\"elementor-widget-container\">\n\t\t\t\t\t<div class=\"elementor-image-box-wrapper\"><figure class=\"elementor-image-box-img\"><img alt=\"\" loading=\"lazy\" decoding=\"async\" width=\"2560\" height=\"1707\" src=\"https:\/\/www.gregocopeaux.fr\/wp-content\/uploads\/2026\/02\/porte-plume-Padouk-scaled.jpg\" class=\"attachment-full size-full wp-image-1303\" alt=\"\" srcset=\"https:\/\/www.gregocopeaux.fr\/wp-content\/uploads\/2026\/02\/porte-plume-Padouk-scaled.jpg 2560w, https:\/\/www.gregocopeaux.fr\/wp-content\/uploads\/2026\/02\/porte-plume-Padouk-300x200.jpg 300w, https:\/\/www.gregocopeaux.fr\/wp-content\/uploads\/2026\/02\/porte-plume-Padouk-1024x683.jpg 1024w, https:\/\/www.gregocopeaux.fr\/wp-content\/uploads\/2026\/02\/porte-plume-Padouk-768x512.jpg 768w, https:\/\/www.gregocopeaux.fr\/wp-content\/uploads\/2026\/02\/porte-plume-Padouk-1536x1024.jpg 1536w, https:\/\/www.gregocopeaux.fr\/wp-content\/uploads\/2026\/02\/porte-plume-Padouk-2048x1365.jpg 2048w\" sizes=\"(max-width: 2560px) 100vw, 2560px\" \/><\/figure><div class=\"elementor-image-box-content\"><h1 class=\"elementor-image-box-title\">Porte plume Padouk<\/h1><\/div><\/div>\t\t\t\t<\/div>\n\t\t\t\t<\/div>\n\t\t\t\t<div class=\"elementor-element elementor-element-1c9f99f elementor-widget elementor-widget-text-editor\" data-id=\"1c9f99f\" data-element_type=\"widget\" data-widget_type=\"text-editor.default\">\n\t\t\t\t<div class=\"elementor-widget-container\">\n\t\t\t\t\t\t\t\t\t<p style=\"text-align: center;\"><strong>REF:PPL PADOUK<\/strong><\/p><p>\u00a0Porte plume en Padouk \u00e9quip\u00e9 de sa Virole pour fixer la plume<br \/>Fournis sans plume ( 1.50 supplementaire) Plume l\u00e9onard 70- 2 mm&#8211; Calligraphie-<\/p><p style=\"text-align: left;\">Dimensions : L 20 cm<\/p><p style=\"text-align: left;\">Poids 8 g<\/p><p style=\"text-align: left;\"><br \/>Prix : 35 euros <span style=\"color: #008000;\">(<b>+ Frais d&rsquo;envoi)<\/b><\/span><br \/>Nous contacter pour commander.<\/p>\t\t\t\t\t\t\t\t<\/div>\n\t\t\t\t<\/div>\n\t\t\t\t<\/div>\n\t\t<div class=\"elementor-element elementor-element-f858408 e-con-full e-flex e-con e-child\" data-id=\"f858408\" data-element_type=\"container\">\n\t\t\t\t<div class=\"elementor-element elementor-element-2e95d91 elementor-position-top elementor-widget elementor-widget-image-box\" data-id=\"2e95d91\" data-element_type=\"widget\" data-widget_type=\"image-box.default\">\n\t\t\t\t<div class=\"elementor-widget-container\">\n\t\t\t\t\t<div class=\"elementor-image-box-wrapper\"><figure class=\"elementor-image-box-img\"><img alt=\"\" loading=\"lazy\" decoding=\"async\" width=\"2560\" height=\"1707\" src=\"https:\/\/www.gregocopeaux.fr\/wp-content\/uploads\/2025\/06\/SMT-IB680-pommier-scaled.jpg?v=1750803947\" class=\"attachment-full size-full wp-image-679\" alt=\"\" srcset=\"https:\/\/www.gregocopeaux.fr\/wp-content\/uploads\/2025\/06\/SMT-IB680-pommier-scaled.jpg?v=1750803947 2560w, https:\/\/www.gregocopeaux.fr\/wp-content\/uploads\/2025\/06\/SMT-IB680-pommier-scaled-300x200.jpg?v=1750803947 300w, https:\/\/www.gregocopeaux.fr\/wp-content\/uploads\/2025\/06\/SMT-IB680-pommier-scaled-1024x683.jpg?v=1750803947 1024w, https:\/\/www.gregocopeaux.fr\/wp-content\/uploads\/2025\/06\/SMT-IB680-pommier-scaled-768x512.jpg?v=1750803947 768w, https:\/\/www.gregocopeaux.fr\/wp-content\/uploads\/2025\/06\/SMT-IB680-pommier-scaled-1536x1024.jpg?v=1750803947 1536w, https:\/\/www.gregocopeaux.fr\/wp-content\/uploads\/2025\/06\/SMT-IB680-pommier-scaled-2048x1366.jpg?v=1750803947 2048w\" sizes=\"(max-width: 2560px) 100vw, 2560px\" \/><\/figure><div class=\"elementor-image-box-content\"><h1 class=\"elementor-image-box-title\">Stylo pommier<\/h1><\/div><\/div>\t\t\t\t<\/div>\n\t\t\t\t<\/div>\n\t\t\t\t<div class=\"elementor-element elementor-element-f39a9c3 elementor-widget elementor-widget-text-editor\" data-id=\"f39a9c3\" data-element_type=\"widget\" data-widget_type=\"text-editor.default\">\n\t\t\t\t<div class=\"elementor-widget-container\">\n\t\t\t\t\t\t\t\t\t<p style=\"text-align: center;\"><strong>REF: <\/strong>SMT IB680<\/p><p style=\"text-align: left;\"><span style=\"font-style: var( --e-global-typography-text-font-style ); letter-spacing: var( --e-global-typography-text-letter-spacing ); text-transform: var( --e-global-typography-text-text-transform ); word-spacing: var( --e-global-typography-text-word-spacing ); text-decoration: var( --e-global-typography-text-text-decoration ); caret-color: #000000; color: #000000; font-family: -webkit-standard; font-size: medium;\">Stylo<\/span><span style=\"font-family: var( --e-global-typography-text-font-family ), Sans-serif; font-size: var( --e-global-typography-text-font-size ); font-style: var( --e-global-typography-text-font-style ); letter-spacing: var( --e-global-typography-text-letter-spacing ); text-transform: var( --e-global-typography-text-text-transform ); word-spacing: var( --e-global-typography-text-word-spacing ); text-decoration: var( --e-global-typography-text-text-decoration ); color: #ff0000;\">*<\/span>\u00a0en pommier avec quincaillerie chrom\u00e9<br \/>Dimensions :\u00a0<br \/>Prix : 35 euros <span style=\"color: #008000;\">(<b>+ Frais d&rsquo;envoi)<\/b><\/span><br \/>Nous contacter pour commander.<\/p>\t\t\t\t\t\t\t\t<\/div>\n\t\t\t\t<\/div>\n\t\t\t\t<\/div>\n\t\t<div class=\"elementor-element elementor-element-bafff62 e-con-full e-flex e-con e-child\" data-id=\"bafff62\" data-element_type=\"container\">\n\t\t\t\t<div class=\"elementor-element elementor-element-63a79f2 elementor-position-top elementor-widget elementor-widget-image-box\" data-id=\"63a79f2\" data-element_type=\"widget\" data-widget_type=\"image-box.default\">\n\t\t\t\t<div class=\"elementor-widget-container\">\n\t\t\t\t\t<div class=\"elementor-image-box-wrapper\"><figure class=\"elementor-image-box-img\"><img alt=\"\" loading=\"lazy\" decoding=\"async\" width=\"2560\" height=\"1707\" src=\"https:\/\/www.gregocopeaux.fr\/wp-content\/uploads\/2025\/06\/SMT-IB680-robinier-scaled.jpg?v=1750804229\" class=\"attachment-full size-full wp-image-680\" alt=\"\" srcset=\"https:\/\/www.gregocopeaux.fr\/wp-content\/uploads\/2025\/06\/SMT-IB680-robinier-scaled.jpg?v=1750804229 2560w, https:\/\/www.gregocopeaux.fr\/wp-content\/uploads\/2025\/06\/SMT-IB680-robinier-scaled-300x200.jpg?v=1750804229 300w, https:\/\/www.gregocopeaux.fr\/wp-content\/uploads\/2025\/06\/SMT-IB680-robinier-scaled-1024x683.jpg?v=1750804229 1024w, https:\/\/www.gregocopeaux.fr\/wp-content\/uploads\/2025\/06\/SMT-IB680-robinier-scaled-768x512.jpg?v=1750804229 768w, https:\/\/www.gregocopeaux.fr\/wp-content\/uploads\/2025\/06\/SMT-IB680-robinier-scaled-1536x1024.jpg?v=1750804229 1536w, https:\/\/www.gregocopeaux.fr\/wp-content\/uploads\/2025\/06\/SMT-IB680-robinier-scaled-2048x1366.jpg?v=1750804229 2048w\" sizes=\"(max-width: 2560px) 100vw, 2560px\" \/><\/figure><div class=\"elementor-image-box-content\"><h1 class=\"elementor-image-box-title\">Stylos robinier<\/h1><\/div><\/div>\t\t\t\t<\/div>\n\t\t\t\t<\/div>\n\t\t\t\t<div class=\"elementor-element elementor-element-d3838e2 elementor-widget elementor-widget-text-editor\" data-id=\"d3838e2\" data-element_type=\"widget\" data-widget_type=\"text-editor.default\">\n\t\t\t\t<div class=\"elementor-widget-container\">\n\t\t\t\t\t\t\t\t\t<p style=\"text-align: center;\"><strong>REF: <\/strong>SMT IB680<\/p><p style=\"text-align: left;\">Stylo<span style=\"color: #ff0000;\">*<\/span> en robinier avec quincaillerie chrom\u00e9<br \/>(r\u00e9servoir d&rsquo;encre standard sur web)<br \/>Dimensions :\u00a0<br \/>Prix : 25 euros <span style=\"color: #008000;\">(<b>+ Frais d&rsquo;envoi)<\/b><\/span><br \/>Nous contacter pour commander.<\/p>\t\t\t\t\t\t\t\t<\/div>\n\t\t\t\t<\/div>\n\t\t\t\t<\/div>\n\t\t<div class=\"elementor-element elementor-element-7ede646 e-con-full e-flex e-con e-child\" data-id=\"7ede646\" data-element_type=\"container\">\n\t\t\t\t<div class=\"elementor-element elementor-element-f279c31 elementor-position-top elementor-widget elementor-widget-image-box\" data-id=\"f279c31\" data-element_type=\"widget\" data-widget_type=\"image-box.default\">\n\t\t\t\t<div class=\"elementor-widget-container\">\n\t\t\t\t\t<div class=\"elementor-image-box-wrapper\"><figure class=\"elementor-image-box-img\"><img alt=\"\" loading=\"lazy\" decoding=\"async\" width=\"2560\" height=\"1707\" src=\"https:\/\/www.gregocopeaux.fr\/wp-content\/uploads\/2025\/06\/SMT-IB649-robinier-dore-scaled.jpg\" class=\"attachment-full size-full wp-image-675\" alt=\"\" srcset=\"https:\/\/www.gregocopeaux.fr\/wp-content\/uploads\/2025\/06\/SMT-IB649-robinier-dore-scaled.jpg 2560w, https:\/\/www.gregocopeaux.fr\/wp-content\/uploads\/2025\/06\/SMT-IB649-robinier-dore-300x200.jpg 300w, https:\/\/www.gregocopeaux.fr\/wp-content\/uploads\/2025\/06\/SMT-IB649-robinier-dore-1024x683.jpg 1024w, https:\/\/www.gregocopeaux.fr\/wp-content\/uploads\/2025\/06\/SMT-IB649-robinier-dore-768x512.jpg 768w, https:\/\/www.gregocopeaux.fr\/wp-content\/uploads\/2025\/06\/SMT-IB649-robinier-dore-1536x1024.jpg 1536w, https:\/\/www.gregocopeaux.fr\/wp-content\/uploads\/2025\/06\/SMT-IB649-robinier-dore-2048x1365.jpg 2048w\" sizes=\"(max-width: 2560px) 100vw, 2560px\" \/><\/figure><div class=\"elementor-image-box-content\"><h1 class=\"elementor-image-box-title\">Stylos robinier<\/h1><\/div><\/div>\t\t\t\t<\/div>\n\t\t\t\t<\/div>\n\t\t\t\t<div class=\"elementor-element elementor-element-93967d8 elementor-widget elementor-widget-text-editor\" data-id=\"93967d8\" data-element_type=\"widget\" data-widget_type=\"text-editor.default\">\n\t\t\t\t<div class=\"elementor-widget-container\">\n\t\t\t\t\t\t\t\t\t<p style=\"text-align: center;\"><strong>REF: <\/strong>SMT IB649<\/p><p style=\"text-align: left;\">Stylo<span style=\"color: #ff0000;\">*<\/span> en robinier avec quincaillerie dor\u00e9<br \/>(r\u00e9servoir d&rsquo;encre standard sur web)<br \/>Dimensions :\u00a0<br \/>Prix : 25 euros <span style=\"color: #008000;\">(<b>+ Frais d&rsquo;envoi)<\/b><\/span><br \/>Nous contacter pour commander.<\/p>\t\t\t\t\t\t\t\t<\/div>\n\t\t\t\t<\/div>\n\t\t\t\t<\/div>\n\t\t<div class=\"elementor-element elementor-element-3d32dae e-con-full e-flex e-con e-child\" data-id=\"3d32dae\" data-element_type=\"container\">\n\t\t<div class=\"elementor-element elementor-element-60c0ec7 e-con-full e-flex e-con e-child\" data-id=\"60c0ec7\" data-element_type=\"container\">\n\t\t\t\t<div class=\"elementor-element elementor-element-77e05d5 elementor-position-top elementor-widget elementor-widget-image-box\" data-id=\"77e05d5\" data-element_type=\"widget\" data-widget_type=\"image-box.default\">\n\t\t\t\t<div class=\"elementor-widget-container\">\n\t\t\t\t\t<div class=\"elementor-image-box-wrapper\"><figure class=\"elementor-image-box-img\"><img alt=\"\" loading=\"lazy\" decoding=\"async\" width=\"2560\" height=\"1707\" src=\"https:\/\/www.gregocopeaux.fr\/wp-content\/uploads\/2025\/07\/DSC0008-scaled.jpg\" class=\"attachment-full size-full wp-image-1168\" alt=\"\" srcset=\"https:\/\/www.gregocopeaux.fr\/wp-content\/uploads\/2025\/07\/DSC0008-scaled.jpg 2560w, https:\/\/www.gregocopeaux.fr\/wp-content\/uploads\/2025\/07\/DSC0008-300x200.jpg 300w, https:\/\/www.gregocopeaux.fr\/wp-content\/uploads\/2025\/07\/DSC0008-1024x683.jpg 1024w, https:\/\/www.gregocopeaux.fr\/wp-content\/uploads\/2025\/07\/DSC0008-768x512.jpg 768w, https:\/\/www.gregocopeaux.fr\/wp-content\/uploads\/2025\/07\/DSC0008-1536x1024.jpg 1536w, https:\/\/www.gregocopeaux.fr\/wp-content\/uploads\/2025\/07\/DSC0008-2048x1365.jpg 2048w\" sizes=\"(max-width: 2560px) 100vw, 2560px\" \/><\/figure><div class=\"elementor-image-box-content\"><h1 class=\"elementor-image-box-title\">Bo\u00eete \u00e0 bijoux ou vide poche<\/h1><\/div><\/div>\t\t\t\t<\/div>\n\t\t\t\t<\/div>\n\t\t\t\t<div class=\"elementor-element elementor-element-4aff9cb elementor-widget elementor-widget-text-editor\" data-id=\"4aff9cb\" data-element_type=\"widget\" data-widget_type=\"text-editor.default\">\n\t\t\t\t<div class=\"elementor-widget-container\">\n\t\t\t\t\t\t\t\t\t<p style=\"text-align: center;\"><strong>REF: BAB001<\/strong><\/p><p style=\"text-align: left;\">En robinier<br \/>Prix : 40 euros\u00a0 <span style=\"color: #008000;\">(<b>+ Frais d&rsquo;envoi)<\/b><\/span><br \/>Contactez nous pour commander.<\/p>\t\t\t\t\t\t\t\t<\/div>\n\t\t\t\t<\/div>\n\t\t\t\t<\/div>\n\t\t\t\t<\/div>\n\t\t<div class=\"elementor-element elementor-element-5f3f9fe e-con-full e-flex e-con e-child\" data-id=\"5f3f9fe\" data-element_type=\"container\">\n\t\t\t\t<div class=\"elementor-element elementor-element-080b975 elementor-position-top elementor-widget elementor-widget-image-box\" data-id=\"080b975\" data-element_type=\"widget\" data-widget_type=\"image-box.default\">\n\t\t\t\t<div class=\"elementor-widget-container\">\n\t\t\t\t\t<div class=\"elementor-image-box-wrapper\"><figure class=\"elementor-image-box-img\"><img alt=\"\" loading=\"lazy\" decoding=\"async\" width=\"2560\" height=\"1707\" src=\"https:\/\/www.gregocopeaux.fr\/wp-content\/uploads\/2025\/08\/DSC0010-scaled.jpg?v=1759592307\" class=\"attachment-full size-full wp-image-1223\" alt=\"\" srcset=\"https:\/\/www.gregocopeaux.fr\/wp-content\/uploads\/2025\/08\/DSC0010-scaled.jpg?v=1759592307 2560w, https:\/\/www.gregocopeaux.fr\/wp-content\/uploads\/2025\/08\/DSC0010-300x200.jpg?v=1759592307 300w, https:\/\/www.gregocopeaux.fr\/wp-content\/uploads\/2025\/08\/DSC0010-1024x683.jpg?v=1759592307 1024w, https:\/\/www.gregocopeaux.fr\/wp-content\/uploads\/2025\/08\/DSC0010-768x512.jpg?v=1759592307 768w, https:\/\/www.gregocopeaux.fr\/wp-content\/uploads\/2025\/08\/DSC0010-1536x1024.jpg?v=1759592307 1536w, https:\/\/www.gregocopeaux.fr\/wp-content\/uploads\/2025\/08\/DSC0010-2048x1365.jpg?v=1759592307 2048w\" sizes=\"(max-width: 2560px) 100vw, 2560px\" \/><\/figure><div class=\"elementor-image-box-content\"><h1 class=\"elementor-image-box-title\">Mortier et pilon<\/h1><\/div><\/div>\t\t\t\t<\/div>\n\t\t\t\t<\/div>\n\t\t\t\t<div class=\"elementor-element elementor-element-4b12a63 elementor-widget elementor-widget-text-editor\" data-id=\"4b12a63\" data-element_type=\"widget\" data-widget_type=\"text-editor.default\">\n\t\t\t\t<div class=\"elementor-widget-container\">\n\t\t\t\t\t\t\t\t\t<p style=\"text-align: center;\"><strong>REF<\/strong>: MP 001<\/p><p style=\"text-align: left;\">Tourner en robinier.<\/p><p style=\"text-align: left;\">\u00d8 9 cm et Profondeur : 7.5 cm<br \/>Prix : 35 euros <span style=\"color: #008000;\">(<b>+ Frais d&rsquo;envoi)<\/b><\/span><br \/>contactez nous pour commander<\/p>\t\t\t\t\t\t\t\t<\/div>\n\t\t\t\t<\/div>\n\t\t\t\t<\/div>\n\t\t<div class=\"elementor-element elementor-element-dd9ef45 e-con-full e-flex e-con e-child\" data-id=\"dd9ef45\" data-element_type=\"container\">\n\t\t\t\t<div class=\"elementor-element elementor-element-09e12cd elementor-position-top elementor-widget elementor-widget-image-box\" data-id=\"09e12cd\" data-element_type=\"widget\" data-widget_type=\"image-box.default\">\n\t\t\t\t<div class=\"elementor-widget-container\">\n\t\t\t\t\t<div class=\"elementor-image-box-wrapper\"><figure class=\"elementor-image-box-img\"><img alt=\"\" loading=\"lazy\" decoding=\"async\" width=\"2560\" height=\"1707\" src=\"https:\/\/www.gregocopeaux.fr\/wp-content\/uploads\/2025\/08\/DSC0011-scaled.jpg\" class=\"attachment-full size-full wp-image-1224\" alt=\"\" srcset=\"https:\/\/www.gregocopeaux.fr\/wp-content\/uploads\/2025\/08\/DSC0011-scaled.jpg 2560w, https:\/\/www.gregocopeaux.fr\/wp-content\/uploads\/2025\/08\/DSC0011-300x200.jpg 300w, https:\/\/www.gregocopeaux.fr\/wp-content\/uploads\/2025\/08\/DSC0011-1024x683.jpg 1024w, https:\/\/www.gregocopeaux.fr\/wp-content\/uploads\/2025\/08\/DSC0011-768x512.jpg 768w, https:\/\/www.gregocopeaux.fr\/wp-content\/uploads\/2025\/08\/DSC0011-1536x1024.jpg 1536w, https:\/\/www.gregocopeaux.fr\/wp-content\/uploads\/2025\/08\/DSC0011-2048x1365.jpg 2048w\" sizes=\"(max-width: 2560px) 100vw, 2560px\" \/><\/figure><div class=\"elementor-image-box-content\"><h1 class=\"elementor-image-box-title\">Bo\u00eete en robinier<\/h1><\/div><\/div>\t\t\t\t<\/div>\n\t\t\t\t<\/div>\n\t\t\t\t<div class=\"elementor-element elementor-element-940ab88 elementor-widget elementor-widget-text-editor\" data-id=\"940ab88\" data-element_type=\"widget\" data-widget_type=\"text-editor.default\">\n\t\t\t\t<div class=\"elementor-widget-container\">\n\t\t\t\t\t\t\t\t\t<p style=\"text-align: center;\"><strong>REF<\/strong>: BAB002<\/p><p style=\"text-align: left;\">\u00a0Tourner en robinier.<\/p><p style=\"text-align: left;\">\u00d810 cm et profondeur = 5 cm<br \/>Prix : 40 euros <span style=\"color: #008000;\">(<b>+ Frais d&rsquo;envoi)<\/b><\/span><br \/>contactez nous pour commander<\/p>\t\t\t\t\t\t\t\t<\/div>\n\t\t\t\t<\/div>\n\t\t\t\t<\/div>\n\t\t<div class=\"elementor-element elementor-element-ac769b6 e-con-full e-flex e-con e-child\" data-id=\"ac769b6\" data-element_type=\"container\">\n\t\t\t\t<\/div>\n\t\t\t\t<\/div>\n\t\t\t\t\t<\/div>\n\t\t\t\t<\/div>\n\t\t<div class=\"elementor-element elementor-element-980fc36 e-flex e-con-boxed e-con e-parent\" data-id=\"980fc36\" data-element_type=\"container\">\n\t\t\t\t\t<div class=\"e-con-inner\">\n\t\t\t\t<div class=\"elementor-element elementor-element-77f40bd elementor-widget elementor-widget-text-editor\" data-id=\"77f40bd\" data-element_type=\"widget\" data-widget_type=\"text-editor.default\">\n\t\t\t\t<div class=\"elementor-widget-container\">\n\t\t\t\t\t\t\t\t\t<p><span style=\"color: #ff0000;\"><strong>*<\/strong>\u00a0<\/span>Les recharges de stylos sont standards et commandables sur internet.<\/p>\t\t\t\t\t\t\t\t<\/div>\n\t\t\t\t<\/div>\n\t\t\t\t\t<\/div>\n\t\t\t\t<\/div>\n\t\t<div class=\"elementor-element elementor-element-7395b90 e-flex e-con-boxed e-con e-parent\" data-id=\"7395b90\" data-element_type=\"container\">\n\t\t\t\t\t<div class=\"e-con-inner\">\n\t\t\t\t\t<\/div>\n\t\t\t\t<\/div>\n\t\t\t\t<\/div>\n\t\t","protected":false},"excerpt":{"rendered":"<p>Cr\u00e9ation tourn\u00e9es en bois de Gregory Belin \u00e0 vendre, cuill\u00e8re en bois, stylos, fuseau \u00e0 laine, toupies, coquetiers, possibilit\u00e9 de passer des commandes<\/p>\n","protected":false},"author":1,"featured_media":0,"parent":0,"menu_order":0,"comment_status":"closed","ping_status":"closed","template":"","meta":{"_seopress_robots_primary_cat":"","_seopress_titles_title":"Mes cr\u00e9ations | Catalogue","_seopress_titles_desc":"Cr\u00e9ation tourn\u00e9es en bois de Gregory Belin \u00e0 vendre, cuill\u00e8re en bois, stylos, fuseau \u00e0 laine, toupies, coquetiers, possibilit\u00e9 de passer des commandes","_seopress_robots_index":"","footnotes":""},"class_list":["post-48","page","type-page","status-publish","hentry"],"_links":{"self":[{"href":"https:\/\/www.gregocopeaux.fr\/index.php\/wp-json\/wp\/v2\/pages\/48","targetHints":{"allow":["GET"]}}],"collection":[{"href":"https:\/\/www.gregocopeaux.fr\/index.php\/wp-json\/wp\/v2\/pages"}],"about":[{"href":"https:\/\/www.gregocopeaux.fr\/index.php\/wp-json\/wp\/v2\/types\/page"}],"author":[{"embeddable":true,"href":"https:\/\/www.gregocopeaux.fr\/index.php\/wp-json\/wp\/v2\/users\/1"}],"replies":[{"embeddable":true,"href":"https:\/\/www.gregocopeaux.fr\/index.php\/wp-json\/wp\/v2\/comments?post=48"}],"version-history":[{"count":202,"href":"https:\/\/www.gregocopeaux.fr\/index.php\/wp-json\/wp\/v2\/pages\/48\/revisions"}],"predecessor-version":[{"id":1362,"href":"https:\/\/www.gregocopeaux.fr\/index.php\/wp-json\/wp\/v2\/pages\/48\/revisions\/1362"}],"wp:attachment":[{"href":"https:\/\/www.gregocopeaux.fr\/index.php\/wp-json\/wp\/v2\/media?parent=48"}],"curies":[{"name":"wp","href":"https:\/\/api.w.org\/{rel}","templated":true}]}}